{"id":418,"date":"2023-04-14T20:23:56","date_gmt":"2023-04-14T20:23:56","guid":{"rendered":"https:\/\/www.alpesenergy.com\/ch\/?page_id=418"},"modified":"2025-01-03T00:50:37","modified_gmt":"2025-01-03T00:50:37","slug":"blog","status":"publish","type":"page","link":"https:\/\/www.alpesenergy.com\/ch\/blog\/","title":{"rendered":"Blog"},"content":{"rendered":"\t\t<div data-elementor-type=\"wp-page\" data-elementor-id=\"418\" class=\"elementor elementor-418\" data-elementor-post-type=\"page\">\n\t\t\t\t\t\t<section class=\"elementor-section elementor-top-section elementor-element elementor-element-9ce5a08 elementor-section-height-min-height elementor-section-stretched elementor-hidden-desktop elementor-hidden-tablet elementor-hidden-mobile elementor-section-boxed elementor-section-height-default elementor-section-items-middle\" data-id=\"9ce5a08\" data-element_type=\"section\" data-e-type=\"section\" data-settings=\"{&quot;stretch_section&quot;:&quot;section-stretched&quot;,&quot;background_background&quot;:&quot;classic&quot;}\">\n\t\t\t\t\t\t<div class=\"elementor-container elementor-column-gap-default\">\n\t\t\t\t\t<div class=\"elementor-column elementor-col-100 elementor-top-column elementor-element elementor-element-893e5a1\" data-id=\"893e5a1\" data-element_type=\"column\" data-e-type=\"column\">\n\t\t\t<div class=\"elementor-widget-wrap elementor-element-populated\">\n\t\t\t\t\t\t<div class=\"elementor-element elementor-element-21706e6 elementor-widget elementor-widget-heading\" data-id=\"21706e6\" data-element_type=\"widget\" data-e-type=\"widget\" data-widget_type=\"heading.default\">\n\t\t\t\t<div class=\"elementor-widget-container\">\n\t\t\t\t\t<h1 class=\"elementor-heading-title elementor-size-default\">Blog<\/h1>\t\t\t\t<\/div>\n\t\t\t\t<\/div>\n\t\t\t\t<div class=\"elementor-element elementor-element-c159e01 elementor-align-center elementor-widget elementor-widget-button\" data-id=\"c159e01\" data-element_type=\"widget\" data-e-type=\"widget\" data-widget_type=\"button.default\">\n\t\t\t\t<div class=\"elementor-widget-container\">\n\t\t\t\t\t\t\t\t\t<div class=\"elementor-button-wrapper\">\n\t\t\t\t\t<a class=\"elementor-button elementor-button-link elementor-size-md\" href=\"#blog\">\n\t\t\t\t\t\t<span class=\"elementor-button-content-wrapper\">\n\t\t\t\t\t\t\t\t\t<span class=\"elementor-button-text\">CONOC\u00c9 M\u00c1S<\/span>\n\t\t\t\t\t<\/span>\n\t\t\t\t\t<\/a>\n\t\t\t\t<\/div>\n\t\t\t\t\t\t\t\t<\/div>\n\t\t\t\t<\/div>\n\t\t\t\t\t<\/div>\n\t\t<\/div>\n\t\t\t\t\t<\/div>\n\t\t<\/section>\n\t\t\t\t<section class=\"elementor-section elementor-top-section elementor-element elementor-element-8741238 elementor-hidden-desktop elementor-hidden-tablet elementor-hidden-mobile elementor-section-boxed elementor-section-height-default elementor-section-height-default\" data-id=\"8741238\" data-element_type=\"section\" data-e-type=\"section\" id=\"blog\">\n\t\t\t\t\t\t<div class=\"elementor-container elementor-column-gap-default\">\n\t\t\t\t\t<div class=\"elementor-column elementor-col-100 elementor-top-column elementor-element elementor-element-310f89c\" data-id=\"310f89c\" data-element_type=\"column\" data-e-type=\"column\">\n\t\t\t<div class=\"elementor-widget-wrap elementor-element-populated\">\n\t\t\t\t\t\t<div class=\"elementor-element elementor-element-f71c8cd elementor-grid-3 elementor-grid-tablet-2 elementor-grid-mobile-1 elementor-posts--thumbnail-top elementor-posts--show-avatar elementor-card-shadow-yes elementor-posts__hover-gradient elementor-widget elementor-widget-posts\" data-id=\"f71c8cd\" data-element_type=\"widget\" data-e-type=\"widget\" data-settings=\"{&quot;cards_columns&quot;:&quot;3&quot;,&quot;cards_columns_tablet&quot;:&quot;2&quot;,&quot;cards_columns_mobile&quot;:&quot;1&quot;,&quot;cards_row_gap&quot;:{&quot;unit&quot;:&quot;px&quot;,&quot;size&quot;:35,&quot;sizes&quot;:[]},&quot;cards_row_gap_tablet&quot;:{&quot;unit&quot;:&quot;px&quot;,&quot;size&quot;:&quot;&quot;,&quot;sizes&quot;:[]},&quot;cards_row_gap_mobile&quot;:{&quot;unit&quot;:&quot;px&quot;,&quot;size&quot;:&quot;&quot;,&quot;sizes&quot;:[]}}\" data-widget_type=\"posts.cards\">\n\t\t\t\t<div class=\"elementor-widget-container\">\n\t\t\t\t\t\t\t<div class=\"elementor-posts-container elementor-posts elementor-posts--skin-cards elementor-grid\" role=\"list\">\n\t\t\t\t<article class=\"elementor-post elementor-grid-item post-9582 post type-post status-publish format-standard has-post-thumbnail category-gas-natural tag-chile tag-comercializadora-de-gas-natural tag-comex tag-energy tag-exportacion tag-gas tag-gas-chile tag-gas-natural tag-petroleo\" role=\"listitem\">\n\t\t\t<div class=\"elementor-post__card\">\n\t\t\t\t<a class=\"elementor-post__thumbnail__link\" href=\"https:\/\/www.alpesenergy.com\/ch\/blog\/2026\/02\/20\/como-vienen-las-exportaciones-de-gas-natural-a-chile-radiografia-del-flujo-los-gasoductos-y-el-arranque-de-2026\/\" tabindex=\"-1\" ><div class=\"elementor-post__thumbnail\"><img fetchpriority=\"high\" decoding=\"async\" width=\"300\" height=\"211\" src=\"https:\/\/www.alpesenergy.com\/ch\/wp-content\/uploads\/sites\/3\/2026\/02\/diseno-sin-titulo-6-e1771622156873-300x211.jpg\" class=\"attachment-medium size-medium wp-image-9601\" alt=\"dise\u00f1o sin t\u00edtulo (6)\" srcset=\"https:\/\/www.alpesenergy.com\/ch\/wp-content\/uploads\/sites\/3\/2026\/02\/diseno-sin-titulo-6-e1771622156873-300x211.jpg 300w, https:\/\/www.alpesenergy.com\/ch\/wp-content\/uploads\/sites\/3\/2026\/02\/diseno-sin-titulo-6-e1771622156873-768x539.jpg 768w, https:\/\/www.alpesenergy.com\/ch\/wp-content\/uploads\/sites\/3\/2026\/02\/diseno-sin-titulo-6-e1771622156873.jpg 900w\" sizes=\"(max-width: 300px) 100vw, 300px\" \/><\/div><\/a>\n\t\t\t\t<div class=\"elementor-post__badge\">Gas Natural<\/div>\n\t\t\t\t<div class=\"elementor-post__avatar\">\n\t\t\t<img alt='alpes_user' src='https:\/\/secure.gravatar.com\/avatar\/73bd8088f1a39755aad5163c9415e334d03b1459adc7d9eaffef0f5b6fcde7f7?s=128&#038;d=mm&#038;r=g' srcset='https:\/\/secure.gravatar.com\/avatar\/73bd8088f1a39755aad5163c9415e334d03b1459adc7d9eaffef0f5b6fcde7f7?s=256&#038;d=mm&#038;r=g 2x' class='avatar avatar-128 photo' height='128' width='128' \/>\t\t<\/div>\n\t\t\t\t<div class=\"elementor-post__text\">\n\t\t\t\t<h3 class=\"elementor-post__title\">\n\t\t\t<a href=\"https:\/\/www.alpesenergy.com\/ch\/blog\/2026\/02\/20\/como-vienen-las-exportaciones-de-gas-natural-a-chile-radiografia-del-flujo-los-gasoductos-y-el-arranque-de-2026\/\" >\n\t\t\t\tExportaciones de gas natural a Chile\t\t\t<\/a>\n\t\t<\/h3>\n\t\t\t\t<div class=\"elementor-post__excerpt\">\n\t\t\t<p>Las exportaciones de gas natural desde Argentina hacia Chile volvieron a ganar protagonismo en los \u00faltimos a\u00f1os, apalancadas en el crecimiento de la producci\u00f3n, con Vaca Muerta como eje, y en una demanda chilena que necesita energ\u00eda flexible para respaldar su matriz el\u00e9ctrica.<\/p>\n\t\t<\/div>\n\t\t\t\t\t<div class=\"elementor-post__read-more-wrapper\">\n\t\t\n\t\t<a class=\"elementor-post__read-more\" href=\"https:\/\/www.alpesenergy.com\/ch\/blog\/2026\/02\/20\/como-vienen-las-exportaciones-de-gas-natural-a-chile-radiografia-del-flujo-los-gasoductos-y-el-arranque-de-2026\/\" aria-label=\"Read more about Exportaciones de gas natural a Chile\" tabindex=\"-1\" >\n\t\t\tLeer m\u00e1s &gt;\t\t<\/a>\n\n\t\t\t\t\t<\/div>\n\t\t\t\t<\/div>\n\t\t\t\t<div class=\"elementor-post__meta-data\">\n\t\t\t\t\t<span class=\"elementor-post-date\">\n\t\t\t20 de febrero de 2026<span class=\"reading-time\">4 minutos<\/span>\t\t<\/span>\n\t\t\t\t<\/div>\n\t\t\t\t\t<\/div>\n\t\t<\/article>\n\t\t\t\t<article class=\"elementor-post elementor-grid-item post-9562 post type-post status-publish format-standard has-post-thumbnail category-sin-categoria tag-cammesa tag-comercializadora-de-gas-natural tag-contrato-de-gas tag-energia tag-energia-electrica tag-gas tag-gas-natural tag-gasoducto tag-suministro-de-gas-natural tag-vaca-muerta\" role=\"listitem\">\n\t\t\t<div class=\"elementor-post__card\">\n\t\t\t\t<a class=\"elementor-post__thumbnail__link\" href=\"https:\/\/www.alpesenergy.com\/ch\/blog\/2026\/02\/13\/gas-natural-en-la-generacion-electrica-un-2026-que-vuelve-a-exigir-al-sistema\/\" tabindex=\"-1\" ><div class=\"elementor-post__thumbnail\"><img decoding=\"async\" width=\"300\" height=\"211\" src=\"https:\/\/www.alpesenergy.com\/ch\/wp-content\/uploads\/sites\/3\/2026\/02\/la-demanda-de-gas-300x211.jpg\" class=\"attachment-medium size-medium wp-image-9600\" alt=\"la demanda de gas\" srcset=\"https:\/\/www.alpesenergy.com\/ch\/wp-content\/uploads\/sites\/3\/2026\/02\/la-demanda-de-gas-300x211.jpg 300w, https:\/\/www.alpesenergy.com\/ch\/wp-content\/uploads\/sites\/3\/2026\/02\/la-demanda-de-gas-1024x719.jpg 1024w, https:\/\/www.alpesenergy.com\/ch\/wp-content\/uploads\/sites\/3\/2026\/02\/la-demanda-de-gas-768x539.jpg 768w, https:\/\/www.alpesenergy.com\/ch\/wp-content\/uploads\/sites\/3\/2026\/02\/la-demanda-de-gas.jpg 1537w\" sizes=\"(max-width: 300px) 100vw, 300px\" \/><\/div><\/a>\n\t\t\t\t<div class=\"elementor-post__badge\">Sin categor\u00edas<\/div>\n\t\t\t\t<div class=\"elementor-post__avatar\">\n\t\t\t<img alt='alpes_user' src='https:\/\/secure.gravatar.com\/avatar\/73bd8088f1a39755aad5163c9415e334d03b1459adc7d9eaffef0f5b6fcde7f7?s=128&#038;d=mm&#038;r=g' srcset='https:\/\/secure.gravatar.com\/avatar\/73bd8088f1a39755aad5163c9415e334d03b1459adc7d9eaffef0f5b6fcde7f7?s=256&#038;d=mm&#038;r=g 2x' class='avatar avatar-128 photo' height='128' width='128' \/>\t\t<\/div>\n\t\t\t\t<div class=\"elementor-post__text\">\n\t\t\t\t<h3 class=\"elementor-post__title\">\n\t\t\t<a href=\"https:\/\/www.alpesenergy.com\/ch\/blog\/2026\/02\/13\/gas-natural-en-la-generacion-electrica-un-2026-que-vuelve-a-exigir-al-sistema\/\" >\n\t\t\t\tGas natural en la generaci\u00f3n el\u00e9ctrica: un 2026 que vuelve a exigir al sistema\t\t\t<\/a>\n\t\t<\/h3>\n\t\t\t\t<div class=\"elementor-post__excerpt\">\n\t\t\t<p>El gas natural contin\u00faa consolid\u00e1ndose como el combustible central de la generaci\u00f3n t\u00e9rmica en Argentina. Lejos de perder protagonismo, los primeros meses de 2026 muestran una demanda muy firme por parte de las usinas, en un contexto donde la din\u00e1mica del sistema el\u00e9ctrico vuelve a poner al gas en el centro de la escena.<\/p>\n\t\t<\/div>\n\t\t\t\t\t<div class=\"elementor-post__read-more-wrapper\">\n\t\t\n\t\t<a class=\"elementor-post__read-more\" href=\"https:\/\/www.alpesenergy.com\/ch\/blog\/2026\/02\/13\/gas-natural-en-la-generacion-electrica-un-2026-que-vuelve-a-exigir-al-sistema\/\" aria-label=\"Read more about Gas natural en la generaci\u00f3n el\u00e9ctrica: un 2026 que vuelve a exigir al sistema\" tabindex=\"-1\" >\n\t\t\tLeer m\u00e1s &gt;\t\t<\/a>\n\n\t\t\t\t\t<\/div>\n\t\t\t\t<\/div>\n\t\t\t\t<div class=\"elementor-post__meta-data\">\n\t\t\t\t\t<span class=\"elementor-post-date\">\n\t\t\t13 de febrero de 2026<span class=\"reading-time\">3 minutos<\/span>\t\t<\/span>\n\t\t\t\t<\/div>\n\t\t\t\t\t<\/div>\n\t\t<\/article>\n\t\t\t\t<article class=\"elementor-post elementor-grid-item post-9561 post type-post status-publish format-standard has-post-thumbnail category-gnl\" role=\"listitem\">\n\t\t\t<div class=\"elementor-post__card\">\n\t\t\t\t<a class=\"elementor-post__thumbnail__link\" href=\"https:\/\/www.alpesenergy.com\/ch\/blog\/2026\/02\/06\/argentina-habilita-al-sector-privado-a-importar-y-comercializar-gnl\/\" tabindex=\"-1\" ><div class=\"elementor-post__thumbnail\"><img decoding=\"async\" width=\"300\" height=\"211\" src=\"https:\/\/www.alpesenergy.com\/ch\/wp-content\/uploads\/sites\/3\/2026\/02\/gnl-privados-300x211.jpg\" class=\"attachment-medium size-medium wp-image-9599\" alt=\"gnl privados\" srcset=\"https:\/\/www.alpesenergy.com\/ch\/wp-content\/uploads\/sites\/3\/2026\/02\/gnl-privados-300x211.jpg 300w, https:\/\/www.alpesenergy.com\/ch\/wp-content\/uploads\/sites\/3\/2026\/02\/gnl-privados-1024x719.jpg 1024w, https:\/\/www.alpesenergy.com\/ch\/wp-content\/uploads\/sites\/3\/2026\/02\/gnl-privados-768x539.jpg 768w, https:\/\/www.alpesenergy.com\/ch\/wp-content\/uploads\/sites\/3\/2026\/02\/gnl-privados-1536x1079.jpg 1536w, https:\/\/www.alpesenergy.com\/ch\/wp-content\/uploads\/sites\/3\/2026\/02\/gnl-privados.jpg 2048w\" sizes=\"(max-width: 300px) 100vw, 300px\" \/><\/div><\/a>\n\t\t\t\t<div class=\"elementor-post__badge\">GNL<\/div>\n\t\t\t\t<div class=\"elementor-post__avatar\">\n\t\t\t<img alt='alpes_user' src='https:\/\/secure.gravatar.com\/avatar\/73bd8088f1a39755aad5163c9415e334d03b1459adc7d9eaffef0f5b6fcde7f7?s=128&#038;d=mm&#038;r=g' srcset='https:\/\/secure.gravatar.com\/avatar\/73bd8088f1a39755aad5163c9415e334d03b1459adc7d9eaffef0f5b6fcde7f7?s=256&#038;d=mm&#038;r=g 2x' class='avatar avatar-128 photo' height='128' width='128' \/>\t\t<\/div>\n\t\t\t\t<div class=\"elementor-post__text\">\n\t\t\t\t<h3 class=\"elementor-post__title\">\n\t\t\t<a href=\"https:\/\/www.alpesenergy.com\/ch\/blog\/2026\/02\/06\/argentina-habilita-al-sector-privado-a-importar-y-comercializar-gnl\/\" >\n\t\t\t\tArgentina habilita al sector privado a importar y comercializar GNL\t\t\t<\/a>\n\t\t<\/h3>\n\t\t\t\t<div class=\"elementor-post__excerpt\">\n\t\t\t<p>El Gobierno Nacional habilit\u00f3 un nuevo esquema por el cual la importaci\u00f3n y comercializaci\u00f3n de Gas Natural Licuado (GNL) pasar\u00e1 a estar a cargo del sector privado, con el objetivo de garantizar el abastecimiento durante los meses de mayor demanda, especialmente en invierno.<\/p>\n\t\t<\/div>\n\t\t\t\t\t<div class=\"elementor-post__read-more-wrapper\">\n\t\t\n\t\t<a class=\"elementor-post__read-more\" href=\"https:\/\/www.alpesenergy.com\/ch\/blog\/2026\/02\/06\/argentina-habilita-al-sector-privado-a-importar-y-comercializar-gnl\/\" aria-label=\"Read more about Argentina habilita al sector privado a importar y comercializar GNL\" tabindex=\"-1\" >\n\t\t\tLeer m\u00e1s &gt;\t\t<\/a>\n\n\t\t\t\t\t<\/div>\n\t\t\t\t<\/div>\n\t\t\t\t<div class=\"elementor-post__meta-data\">\n\t\t\t\t\t<span class=\"elementor-post-date\">\n\t\t\t6 de febrero de 2026<span class=\"reading-time\">3 minutos<\/span>\t\t<\/span>\n\t\t\t\t<\/div>\n\t\t\t\t\t<\/div>\n\t\t<\/article>\n\t\t\t\t<article class=\"elementor-post elementor-grid-item post-9560 post type-post status-publish format-standard has-post-thumbnail category-gas-natural tag-balanza-comercial tag-comercializadora-de-gas-natural tag-cuenca-austral tag-cuenca-neuquina tag-gas-natural tag-gas-natural-argentina tag-golfo-san-jorge tag-produccion-de-gas-natural\" role=\"listitem\">\n\t\t\t<div class=\"elementor-post__card\">\n\t\t\t\t<a class=\"elementor-post__thumbnail__link\" href=\"https:\/\/www.alpesenergy.com\/ch\/blog\/2026\/02\/02\/balance-energetico-2025-records-de-produccion-y-transformacion-del-mercado\/\" tabindex=\"-1\" ><div class=\"elementor-post__thumbnail\"><img loading=\"lazy\" decoding=\"async\" width=\"300\" height=\"211\" src=\"https:\/\/www.alpesenergy.com\/ch\/wp-content\/uploads\/sites\/3\/2026\/02\/produccion-de-gas-2-e1770059093932-300x211.jpg\" class=\"attachment-medium size-medium wp-image-9597\" alt=\"produccion de gas (2)\" srcset=\"https:\/\/www.alpesenergy.com\/ch\/wp-content\/uploads\/sites\/3\/2026\/02\/produccion-de-gas-2-e1770059093932-300x211.jpg 300w, https:\/\/www.alpesenergy.com\/ch\/wp-content\/uploads\/sites\/3\/2026\/02\/produccion-de-gas-2-e1770059093932-768x539.jpg 768w, https:\/\/www.alpesenergy.com\/ch\/wp-content\/uploads\/sites\/3\/2026\/02\/produccion-de-gas-2-e1770059093932.jpg 860w\" sizes=\"(max-width: 300px) 100vw, 300px\" \/><\/div><\/a>\n\t\t\t\t<div class=\"elementor-post__badge\">Gas Natural<\/div>\n\t\t\t\t<div class=\"elementor-post__avatar\">\n\t\t\t<img alt='alpes_user' src='https:\/\/secure.gravatar.com\/avatar\/73bd8088f1a39755aad5163c9415e334d03b1459adc7d9eaffef0f5b6fcde7f7?s=128&#038;d=mm&#038;r=g' srcset='https:\/\/secure.gravatar.com\/avatar\/73bd8088f1a39755aad5163c9415e334d03b1459adc7d9eaffef0f5b6fcde7f7?s=256&#038;d=mm&#038;r=g 2x' class='avatar avatar-128 photo' height='128' width='128' \/>\t\t<\/div>\n\t\t\t\t<div class=\"elementor-post__text\">\n\t\t\t\t<h3 class=\"elementor-post__title\">\n\t\t\t<a href=\"https:\/\/www.alpesenergy.com\/ch\/blog\/2026\/02\/02\/balance-energetico-2025-records-de-produccion-y-transformacion-del-mercado\/\" >\n\t\t\t\tBalance de Gas Natural 2025: R\u00e9cords de Producci\u00f3n y Transformaci\u00f3n del Mercado\t\t\t<\/a>\n\t\t<\/h3>\n\t\t\t\t<div class=\"elementor-post__excerpt\">\n\t\t\t<p>Vaca Muerta consolid\u00f3 su liderazgo en 2025, concentrando m\u00e1s del 67% de la producci\u00f3n nacional. Si bien el gas natural creci\u00f3 a un ritmo menor al salto del petr\u00f3leo, el sector alcanz\u00f3 un r\u00e9cord hist\u00f3rico en julio con una producci\u00f3n de 160 Mm\u00b3\/d\u00eda, en un a\u00f1o marcado por una mayor oferta y una fuerte demanda invernal.<\/p>\n\t\t<\/div>\n\t\t\t\t\t<div class=\"elementor-post__read-more-wrapper\">\n\t\t\n\t\t<a class=\"elementor-post__read-more\" href=\"https:\/\/www.alpesenergy.com\/ch\/blog\/2026\/02\/02\/balance-energetico-2025-records-de-produccion-y-transformacion-del-mercado\/\" aria-label=\"Read more about Balance de Gas Natural 2025: R\u00e9cords de Producci\u00f3n y Transformaci\u00f3n del Mercado\" tabindex=\"-1\" >\n\t\t\tLeer m\u00e1s &gt;\t\t<\/a>\n\n\t\t\t\t\t<\/div>\n\t\t\t\t<\/div>\n\t\t\t\t<div class=\"elementor-post__meta-data\">\n\t\t\t\t\t<span class=\"elementor-post-date\">\n\t\t\t2 de febrero de 2026<span class=\"reading-time\">3 minutos<\/span>\t\t<\/span>\n\t\t\t\t<\/div>\n\t\t\t\t\t<\/div>\n\t\t<\/article>\n\t\t\t\t<article class=\"elementor-post elementor-grid-item post-9559 post type-post status-publish format-standard has-post-thumbnail category-energia-electrica category-gas-natural category-litio tag-energia tag-hilli-episeyo tag-regimen-de-incentivo-para-grandes-inversiones tag-rigi tag-vaca-muerta-oil-sur tag-vmos\" role=\"listitem\">\n\t\t\t<div class=\"elementor-post__card\">\n\t\t\t\t<a class=\"elementor-post__thumbnail__link\" href=\"https:\/\/www.alpesenergy.com\/ch\/blog\/2026\/01\/20\/rigi-los-10-proyectos-aprobados-y-el-rol-central-de-la-energia\/\" tabindex=\"-1\" ><div class=\"elementor-post__thumbnail\"><img loading=\"lazy\" decoding=\"async\" width=\"300\" height=\"211\" src=\"https:\/\/www.alpesenergy.com\/ch\/wp-content\/uploads\/sites\/3\/2026\/01\/10-proyectos-300x211.png\" class=\"attachment-medium size-medium wp-image-9596\" alt=\"10 proyectos\" srcset=\"https:\/\/www.alpesenergy.com\/ch\/wp-content\/uploads\/sites\/3\/2026\/01\/10-proyectos-300x211.png 300w, https:\/\/www.alpesenergy.com\/ch\/wp-content\/uploads\/sites\/3\/2026\/01\/10-proyectos-1024x721.png 1024w, https:\/\/www.alpesenergy.com\/ch\/wp-content\/uploads\/sites\/3\/2026\/01\/10-proyectos-768x541.png 768w, https:\/\/www.alpesenergy.com\/ch\/wp-content\/uploads\/sites\/3\/2026\/01\/10-proyectos.png 1187w\" sizes=\"(max-width: 300px) 100vw, 300px\" \/><\/div><\/a>\n\t\t\t\t<div class=\"elementor-post__badge\">Energ\u00eda El\u00e9ctrica<\/div>\n\t\t\t\t<div class=\"elementor-post__avatar\">\n\t\t\t<img alt='alpes_user' src='https:\/\/secure.gravatar.com\/avatar\/73bd8088f1a39755aad5163c9415e334d03b1459adc7d9eaffef0f5b6fcde7f7?s=128&#038;d=mm&#038;r=g' srcset='https:\/\/secure.gravatar.com\/avatar\/73bd8088f1a39755aad5163c9415e334d03b1459adc7d9eaffef0f5b6fcde7f7?s=256&#038;d=mm&#038;r=g 2x' class='avatar avatar-128 photo' height='128' width='128' \/>\t\t<\/div>\n\t\t\t\t<div class=\"elementor-post__text\">\n\t\t\t\t<h3 class=\"elementor-post__title\">\n\t\t\t<a href=\"https:\/\/www.alpesenergy.com\/ch\/blog\/2026\/01\/20\/rigi-los-10-proyectos-aprobados-y-el-rol-central-de-la-energia\/\" >\n\t\t\t\tRIGI: Los 10 proyectos aprobados y el rol central de la energ\u00eda\t\t\t<\/a>\n\t\t<\/h3>\n\t\t\t\t<div class=\"elementor-post__excerpt\">\n\t\t\t<p>El R\u00e9gimen de Incentivo para Grandes Inversiones (RIGI) empieza a mostrar resultados concretos y ya permite trazar un primer mapa de hacia d\u00f3nde se dirige la inversi\u00f3n de gran escala en Argentina. Con diez proyectos aprobados en distintas provincias y sectores, el r\u00e9gimen comienza a delinear cu\u00e1les son las apuestas productivas que podr\u00edan marcar el pulso econ\u00f3mico de los pr\u00f3ximos a\u00f1os.<\/p>\n\t\t<\/div>\n\t\t\t\t\t<div class=\"elementor-post__read-more-wrapper\">\n\t\t\n\t\t<a class=\"elementor-post__read-more\" href=\"https:\/\/www.alpesenergy.com\/ch\/blog\/2026\/01\/20\/rigi-los-10-proyectos-aprobados-y-el-rol-central-de-la-energia\/\" aria-label=\"Read more about RIGI: Los 10 proyectos aprobados y el rol central de la energ\u00eda\" tabindex=\"-1\" >\n\t\t\tLeer m\u00e1s &gt;\t\t<\/a>\n\n\t\t\t\t\t<\/div>\n\t\t\t\t<\/div>\n\t\t\t\t<div class=\"elementor-post__meta-data\">\n\t\t\t\t\t<span class=\"elementor-post-date\">\n\t\t\t20 de enero de 2026<span class=\"reading-time\">3 minutos<\/span>\t\t<\/span>\n\t\t\t\t<\/div>\n\t\t\t\t\t<\/div>\n\t\t<\/article>\n\t\t\t\t<article class=\"elementor-post elementor-grid-item post-9558 post type-post status-publish format-standard has-post-thumbnail category-energia-electrica category-gas-natural category-gnl category-sin-categoria tag-balanza-comercial tag-barriles-de-petroleo tag-comex tag-gas-natural\" role=\"listitem\">\n\t\t\t<div class=\"elementor-post__card\">\n\t\t\t\t<a class=\"elementor-post__thumbnail__link\" href=\"https:\/\/www.alpesenergy.com\/ch\/blog\/2026\/01\/15\/argentina-logra-superavit-energetico-en-2025-impulsado-por-vaca-muerta\/\" tabindex=\"-1\" ><div class=\"elementor-post__thumbnail\"><img loading=\"lazy\" decoding=\"async\" width=\"300\" height=\"211\" src=\"https:\/\/www.alpesenergy.com\/ch\/wp-content\/uploads\/sites\/3\/2026\/01\/balanza-comercial-1-300x211.jpg\" class=\"attachment-medium size-medium wp-image-9595\" alt=\"balanza comercial (1)\" srcset=\"https:\/\/www.alpesenergy.com\/ch\/wp-content\/uploads\/sites\/3\/2026\/01\/balanza-comercial-1-300x211.jpg 300w, https:\/\/www.alpesenergy.com\/ch\/wp-content\/uploads\/sites\/3\/2026\/01\/balanza-comercial-1-1024x719.jpg 1024w, https:\/\/www.alpesenergy.com\/ch\/wp-content\/uploads\/sites\/3\/2026\/01\/balanza-comercial-1-768x540.jpg 768w, https:\/\/www.alpesenergy.com\/ch\/wp-content\/uploads\/sites\/3\/2026\/01\/balanza-comercial-1-1536x1079.jpg 1536w, https:\/\/www.alpesenergy.com\/ch\/wp-content\/uploads\/sites\/3\/2026\/01\/balanza-comercial-1-2048x1439.jpg 2048w\" sizes=\"(max-width: 300px) 100vw, 300px\" \/><\/div><\/a>\n\t\t\t\t<div class=\"elementor-post__badge\">Energ\u00eda El\u00e9ctrica<\/div>\n\t\t\t\t<div class=\"elementor-post__avatar\">\n\t\t\t<img alt='alpes_user' src='https:\/\/secure.gravatar.com\/avatar\/73bd8088f1a39755aad5163c9415e334d03b1459adc7d9eaffef0f5b6fcde7f7?s=128&#038;d=mm&#038;r=g' srcset='https:\/\/secure.gravatar.com\/avatar\/73bd8088f1a39755aad5163c9415e334d03b1459adc7d9eaffef0f5b6fcde7f7?s=256&#038;d=mm&#038;r=g 2x' class='avatar avatar-128 photo' height='128' width='128' \/>\t\t<\/div>\n\t\t\t\t<div class=\"elementor-post__text\">\n\t\t\t\t<h3 class=\"elementor-post__title\">\n\t\t\t<a href=\"https:\/\/www.alpesenergy.com\/ch\/blog\/2026\/01\/15\/argentina-logra-superavit-energetico-en-2025-impulsado-por-vaca-muerta\/\" >\n\t\t\t\tArgentina logra super\u00e1vit energ\u00e9tico en 2025 impulsado por Vaca Muerta\t\t\t<\/a>\n\t\t<\/h3>\n\t\t\t\t<div class=\"elementor-post__excerpt\">\n\t\t\t<p>Argentina alcanz\u00f3 en 2025 un super\u00e1vit en su balanza comercial energ\u00e9tica, consolidando una tendencia de recuperaci\u00f3n tras m\u00e1s de una d\u00e9cada de d\u00e9ficits. En noviembre de 2025, el sector energ\u00e9tico aport\u00f3 un excedente de USD 858 millones, explicando el 34% del super\u00e1vit comercial total de ese mes. Este resultado refleja un cambio notable respecto de a\u00f1os anteriores: Argentina hab\u00eda pasado de ser exportador neto de energ\u00eda a importador neto desde 2011, situaci\u00f3n que contribuy\u00f3 a tensiones econ\u00f3micas durante la d\u00e9cada pasada. Gracias al desarrollo de Vaca Muerta y nuevas infraestructuras, el pa\u00eds revirti\u00f3 esa tendencia; 2024 ya marc\u00f3 el super\u00e1vit energ\u00e9tico m\u00e1s alto en 18 a\u00f1os, y 2025 ampli\u00f3 a\u00fan m\u00e1s ese r\u00e9cord.<\/p>\n\t\t<\/div>\n\t\t\t\t\t<div class=\"elementor-post__read-more-wrapper\">\n\t\t\n\t\t<a class=\"elementor-post__read-more\" href=\"https:\/\/www.alpesenergy.com\/ch\/blog\/2026\/01\/15\/argentina-logra-superavit-energetico-en-2025-impulsado-por-vaca-muerta\/\" aria-label=\"Read more about Argentina logra super\u00e1vit energ\u00e9tico en 2025 impulsado por Vaca Muerta\" tabindex=\"-1\" >\n\t\t\tLeer m\u00e1s &gt;\t\t<\/a>\n\n\t\t\t\t\t<\/div>\n\t\t\t\t<\/div>\n\t\t\t\t<div class=\"elementor-post__meta-data\">\n\t\t\t\t\t<span class=\"elementor-post-date\">\n\t\t\t15 de enero de 2026<span class=\"reading-time\">4 minutos<\/span>\t\t<\/span>\n\t\t\t\t<\/div>\n\t\t\t\t\t<\/div>\n\t\t<\/article>\n\t\t\t\t<\/div>\n\t\t\n\t\t\t\t\t\t<\/div>\n\t\t\t\t<\/div>\n\t\t\t\t\t<\/div>\n\t\t<\/div>\n\t\t\t\t\t<\/div>\n\t\t<\/section>\n\t\t\t\t<section class=\"elementor-section elementor-top-section elementor-element elementor-element-46789ae elementor-section-height-min-height elementor-section-stretched elementor-section-boxed elementor-section-height-default elementor-section-items-middle\" data-id=\"46789ae\" data-element_type=\"section\" data-e-type=\"section\" data-settings=\"{&quot;stretch_section&quot;:&quot;section-stretched&quot;,&quot;background_background&quot;:&quot;classic&quot;}\">\n\t\t\t\t\t\t<div class=\"elementor-container elementor-column-gap-default\">\n\t\t\t\t\t<div class=\"elementor-column elementor-col-100 elementor-top-column elementor-element elementor-element-66d1a01\" data-id=\"66d1a01\" data-element_type=\"column\" data-e-type=\"column\">\n\t\t\t<div class=\"elementor-widget-wrap elementor-element-populated\">\n\t\t\t\t\t\t<div class=\"elementor-element elementor-element-7c2906b elementor-widget elementor-widget-heading\" data-id=\"7c2906b\" data-element_type=\"widget\" data-e-type=\"widget\" data-widget_type=\"heading.default\">\n\t\t\t\t<div class=\"elementor-widget-container\">\n\t\t\t\t\t<h1 class=\"elementor-heading-title elementor-size-default\">Ent\u00e9rate de todas las novedades<br \/>del Mercado Energ\u00e9tico<\/h1>\t\t\t\t<\/div>\n\t\t\t\t<\/div>\n\t\t\t\t\t<\/div>\n\t\t<\/div>\n\t\t\t\t\t<\/div>\n\t\t<\/section>\n\t\t\t\t<section class=\"elementor-section elementor-top-section elementor-element elementor-element-bd50016 elementor-section-boxed elementor-section-height-default elementor-section-height-default\" data-id=\"bd50016\" data-element_type=\"section\" data-e-type=\"section\">\n\t\t\t\t\t\t<div class=\"elementor-container elementor-column-gap-default\">\n\t\t\t\t\t<div class=\"elementor-column elementor-col-50 elementor-top-column elementor-element elementor-element-cc10600\" data-id=\"cc10600\" data-element_type=\"column\" data-e-type=\"column\">\n\t\t\t<div class=\"elementor-widget-wrap elementor-element-populated\">\n\t\t\t\t\t\t<div class=\"elementor-element elementor-element-fdb3af1 elementor-hidden-desktop elementor-hidden-tablet elementor-hidden-mobile elementor-widget elementor-widget-wp-widget-categories\" data-id=\"fdb3af1\" data-element_type=\"widget\" data-e-type=\"widget\" id=\"widget-blog-categories\" data-widget_type=\"wp-widget-categories.default\">\n\t\t\t\t<div class=\"elementor-widget-container\">\n\t\t\t\t\t<h5>CATEGORIAS<\/h5><nav aria-label=\"CATEGORIAS\">\n\t\t\t<ul>\n\t\t\t\t<li class='cat-item-all'><a href='https:\/\/www.alpesenergy.com\/ch\/'><a href=\"https:\/\/www.alpesenergy.com\/ch\/blog\/\">Todas las notas<\/a><\/a><\/li>\t<li class=\"cat-item cat-item-1\"><a href=\"https:\/\/www.alpesenergy.com\/ch\/categoria\/sin-categoria\/\">Sin categor\u00edas<\/a>\n<\/li>\n\t<li class=\"cat-item cat-item-10\"><a href=\"https:\/\/www.alpesenergy.com\/ch\/categoria\/gas-natural\/\">Gas Natural<\/a>\n<\/li>\n\t<li class=\"cat-item cat-item-11\"><a href=\"https:\/\/www.alpesenergy.com\/ch\/categoria\/energia-electrica\/\">Energ\u00eda El\u00e9ctrica<\/a>\n<\/li>\n\t<li class=\"cat-item cat-item-12\"><a href=\"https:\/\/www.alpesenergy.com\/ch\/categoria\/litio\/\">Litio<\/a>\n<\/li>\n\t<li class=\"cat-item cat-item-13\"><a href=\"https:\/\/www.alpesenergy.com\/ch\/categoria\/gnl\/\">GNL<\/a>\n<\/li>\n\t\t\t<\/ul>\n\n\t\t\t<\/nav>\t\t\t\t<\/div>\n\t\t\t\t<\/div>\n\t\t\t\t<div class=\"elementor-element elementor-element-6affccb elementor-grid-3 elementor-grid-tablet-2 elementor-grid-mobile-1 elementor-posts--thumbnail-top elementor-posts__hover-gradient elementor-widget elementor-widget-posts\" data-id=\"6affccb\" data-element_type=\"widget\" data-e-type=\"widget\" id=\"blog-grid\" data-settings=\"{&quot;cards_row_gap&quot;:{&quot;unit&quot;:&quot;px&quot;,&quot;size&quot;:40,&quot;sizes&quot;:[]},&quot;pagination_type&quot;:&quot;numbers&quot;,&quot;cards_columns&quot;:&quot;3&quot;,&quot;cards_columns_tablet&quot;:&quot;2&quot;,&quot;cards_columns_mobile&quot;:&quot;1&quot;,&quot;cards_row_gap_tablet&quot;:{&quot;unit&quot;:&quot;px&quot;,&quot;size&quot;:&quot;&quot;,&quot;sizes&quot;:[]},&quot;cards_row_gap_mobile&quot;:{&quot;unit&quot;:&quot;px&quot;,&quot;size&quot;:&quot;&quot;,&quot;sizes&quot;:[]}}\" data-widget_type=\"posts.cards\">\n\t\t\t\t<div class=\"elementor-widget-container\">\n\t\t\t\t\t\t\t<div class=\"elementor-posts-container elementor-posts elementor-posts--skin-cards elementor-grid\" role=\"list\">\n\t\t\t\t<article class=\"elementor-post elementor-grid-item post-9582 post type-post status-publish format-standard has-post-thumbnail category-gas-natural tag-chile tag-comercializadora-de-gas-natural tag-comex tag-energy tag-exportacion tag-gas tag-gas-chile tag-gas-natural tag-petroleo\" role=\"listitem\">\n\t\t\t<div class=\"elementor-post__card\">\n\t\t\t\t<a class=\"elementor-post__thumbnail__link\" href=\"https:\/\/www.alpesenergy.com\/ch\/blog\/2026\/02\/20\/como-vienen-las-exportaciones-de-gas-natural-a-chile-radiografia-del-flujo-los-gasoductos-y-el-arranque-de-2026\/\" tabindex=\"-1\" ><div class=\"elementor-post__thumbnail\"><img loading=\"lazy\" decoding=\"async\" width=\"768\" height=\"539\" src=\"https:\/\/www.alpesenergy.com\/ch\/wp-content\/uploads\/sites\/3\/2026\/02\/diseno-sin-titulo-6-e1771622156873-768x539.jpg\" class=\"attachment-medium_large size-medium_large wp-image-9601\" alt=\"dise\u00f1o sin t\u00edtulo (6)\" srcset=\"https:\/\/www.alpesenergy.com\/ch\/wp-content\/uploads\/sites\/3\/2026\/02\/diseno-sin-titulo-6-e1771622156873-768x539.jpg 768w, https:\/\/www.alpesenergy.com\/ch\/wp-content\/uploads\/sites\/3\/2026\/02\/diseno-sin-titulo-6-e1771622156873-300x211.jpg 300w, https:\/\/www.alpesenergy.com\/ch\/wp-content\/uploads\/sites\/3\/2026\/02\/diseno-sin-titulo-6-e1771622156873.jpg 900w\" sizes=\"(max-width: 768px) 100vw, 768px\" \/><\/div><\/a>\n\t\t\t\t<div class=\"elementor-post__text\">\n\t\t\t\t<h3 class=\"elementor-post__title\">\n\t\t\t<a href=\"https:\/\/www.alpesenergy.com\/ch\/blog\/2026\/02\/20\/como-vienen-las-exportaciones-de-gas-natural-a-chile-radiografia-del-flujo-los-gasoductos-y-el-arranque-de-2026\/\" >\n\t\t\t\tExportaciones de gas natural a Chile\t\t\t<\/a>\n\t\t<\/h3>\n\t\t\t\t<div class=\"elementor-post__excerpt\">\n\t\t\t<p>Las exportaciones de gas natural desde Argentina hacia Chile volvieron a ganar protagonismo en los \u00faltimos a\u00f1os, apalancadas en el\t\t<\/div>\n\t\t\n\t\t<a class=\"elementor-post__read-more\" href=\"https:\/\/www.alpesenergy.com\/ch\/blog\/2026\/02\/20\/como-vienen-las-exportaciones-de-gas-natural-a-chile-radiografia-del-flujo-los-gasoductos-y-el-arranque-de-2026\/\" aria-label=\"Read more about Exportaciones de gas natural a Chile\" tabindex=\"-1\" >\n\t\t\tLeer m\u00e1s &gt;\t\t<\/a>\n\n\t\t\t\t<\/div>\n\t\t\t\t<div class=\"elementor-post__meta-data\">\n\t\t\t\t\t<span class=\"elementor-post-date\">\n\t\t\t20 de febrero de 2026<span class=\"reading-time\">4 minutos<\/span>\t\t<\/span>\n\t\t\t\t<\/div>\n\t\t\t\t\t<\/div>\n\t\t<\/article>\n\t\t\t\t<article class=\"elementor-post elementor-grid-item post-9562 post type-post status-publish format-standard has-post-thumbnail category-sin-categoria tag-cammesa tag-comercializadora-de-gas-natural tag-contrato-de-gas tag-energia tag-energia-electrica tag-gas tag-gas-natural tag-gasoducto tag-suministro-de-gas-natural tag-vaca-muerta\" role=\"listitem\">\n\t\t\t<div class=\"elementor-post__card\">\n\t\t\t\t<a class=\"elementor-post__thumbnail__link\" href=\"https:\/\/www.alpesenergy.com\/ch\/blog\/2026\/02\/13\/gas-natural-en-la-generacion-electrica-un-2026-que-vuelve-a-exigir-al-sistema\/\" tabindex=\"-1\" ><div class=\"elementor-post__thumbnail\"><img loading=\"lazy\" decoding=\"async\" width=\"768\" height=\"539\" src=\"https:\/\/www.alpesenergy.com\/ch\/wp-content\/uploads\/sites\/3\/2026\/02\/la-demanda-de-gas-768x539.jpg\" class=\"attachment-medium_large size-medium_large wp-image-9600\" alt=\"la demanda de gas\" srcset=\"https:\/\/www.alpesenergy.com\/ch\/wp-content\/uploads\/sites\/3\/2026\/02\/la-demanda-de-gas-768x539.jpg 768w, https:\/\/www.alpesenergy.com\/ch\/wp-content\/uploads\/sites\/3\/2026\/02\/la-demanda-de-gas-300x211.jpg 300w, https:\/\/www.alpesenergy.com\/ch\/wp-content\/uploads\/sites\/3\/2026\/02\/la-demanda-de-gas-1024x719.jpg 1024w, https:\/\/www.alpesenergy.com\/ch\/wp-content\/uploads\/sites\/3\/2026\/02\/la-demanda-de-gas.jpg 1537w\" sizes=\"(max-width: 768px) 100vw, 768px\" \/><\/div><\/a>\n\t\t\t\t<div class=\"elementor-post__text\">\n\t\t\t\t<h3 class=\"elementor-post__title\">\n\t\t\t<a href=\"https:\/\/www.alpesenergy.com\/ch\/blog\/2026\/02\/13\/gas-natural-en-la-generacion-electrica-un-2026-que-vuelve-a-exigir-al-sistema\/\" >\n\t\t\t\tGas natural en la generaci\u00f3n el\u00e9ctrica: un 2026 que vuelve a exigir al sistema\t\t\t<\/a>\n\t\t<\/h3>\n\t\t\t\t<div class=\"elementor-post__excerpt\">\n\t\t\t<p>El gas natural contin\u00faa consolid\u00e1ndose como el combustible central de la generaci\u00f3n t\u00e9rmica en Argentina. Lejos de perder protagonismo, los\t\t<\/div>\n\t\t\n\t\t<a class=\"elementor-post__read-more\" href=\"https:\/\/www.alpesenergy.com\/ch\/blog\/2026\/02\/13\/gas-natural-en-la-generacion-electrica-un-2026-que-vuelve-a-exigir-al-sistema\/\" aria-label=\"Read more about Gas natural en la generaci\u00f3n el\u00e9ctrica: un 2026 que vuelve a exigir al sistema\" tabindex=\"-1\" >\n\t\t\tLeer m\u00e1s &gt;\t\t<\/a>\n\n\t\t\t\t<\/div>\n\t\t\t\t<div class=\"elementor-post__meta-data\">\n\t\t\t\t\t<span class=\"elementor-post-date\">\n\t\t\t13 de febrero de 2026<span class=\"reading-time\">3 minutos<\/span>\t\t<\/span>\n\t\t\t\t<\/div>\n\t\t\t\t\t<\/div>\n\t\t<\/article>\n\t\t\t\t<article class=\"elementor-post elementor-grid-item post-9561 post type-post status-publish format-standard has-post-thumbnail category-gnl\" role=\"listitem\">\n\t\t\t<div class=\"elementor-post__card\">\n\t\t\t\t<a class=\"elementor-post__thumbnail__link\" href=\"https:\/\/www.alpesenergy.com\/ch\/blog\/2026\/02\/06\/argentina-habilita-al-sector-privado-a-importar-y-comercializar-gnl\/\" tabindex=\"-1\" ><div class=\"elementor-post__thumbnail\"><img loading=\"lazy\" decoding=\"async\" width=\"768\" height=\"539\" src=\"https:\/\/www.alpesenergy.com\/ch\/wp-content\/uploads\/sites\/3\/2026\/02\/gnl-privados-768x539.jpg\" class=\"attachment-medium_large size-medium_large wp-image-9599\" alt=\"gnl privados\" srcset=\"https:\/\/www.alpesenergy.com\/ch\/wp-content\/uploads\/sites\/3\/2026\/02\/gnl-privados-768x539.jpg 768w, https:\/\/www.alpesenergy.com\/ch\/wp-content\/uploads\/sites\/3\/2026\/02\/gnl-privados-300x211.jpg 300w, https:\/\/www.alpesenergy.com\/ch\/wp-content\/uploads\/sites\/3\/2026\/02\/gnl-privados-1024x719.jpg 1024w, https:\/\/www.alpesenergy.com\/ch\/wp-content\/uploads\/sites\/3\/2026\/02\/gnl-privados-1536x1079.jpg 1536w, https:\/\/www.alpesenergy.com\/ch\/wp-content\/uploads\/sites\/3\/2026\/02\/gnl-privados.jpg 2048w\" sizes=\"(max-width: 768px) 100vw, 768px\" \/><\/div><\/a>\n\t\t\t\t<div class=\"elementor-post__text\">\n\t\t\t\t<h3 class=\"elementor-post__title\">\n\t\t\t<a href=\"https:\/\/www.alpesenergy.com\/ch\/blog\/2026\/02\/06\/argentina-habilita-al-sector-privado-a-importar-y-comercializar-gnl\/\" >\n\t\t\t\tArgentina habilita al sector privado a importar y comercializar GNL\t\t\t<\/a>\n\t\t<\/h3>\n\t\t\t\t<div class=\"elementor-post__excerpt\">\n\t\t\t<p>El Gobierno Nacional habilit\u00f3 un nuevo esquema por el cual la importaci\u00f3n y comercializaci\u00f3n de Gas Natural Licuado (GNL) pasar\u00e1\t\t<\/div>\n\t\t\n\t\t<a class=\"elementor-post__read-more\" href=\"https:\/\/www.alpesenergy.com\/ch\/blog\/2026\/02\/06\/argentina-habilita-al-sector-privado-a-importar-y-comercializar-gnl\/\" aria-label=\"Read more about Argentina habilita al sector privado a importar y comercializar GNL\" tabindex=\"-1\" >\n\t\t\tLeer m\u00e1s &gt;\t\t<\/a>\n\n\t\t\t\t<\/div>\n\t\t\t\t<div class=\"elementor-post__meta-data\">\n\t\t\t\t\t<span class=\"elementor-post-date\">\n\t\t\t6 de febrero de 2026<span class=\"reading-time\">3 minutos<\/span>\t\t<\/span>\n\t\t\t\t<\/div>\n\t\t\t\t\t<\/div>\n\t\t<\/article>\n\t\t\t\t<article class=\"elementor-post elementor-grid-item post-9560 post type-post status-publish format-standard has-post-thumbnail category-gas-natural tag-balanza-comercial tag-comercializadora-de-gas-natural tag-cuenca-austral tag-cuenca-neuquina tag-gas-natural tag-gas-natural-argentina tag-golfo-san-jorge tag-produccion-de-gas-natural\" role=\"listitem\">\n\t\t\t<div class=\"elementor-post__card\">\n\t\t\t\t<a class=\"elementor-post__thumbnail__link\" href=\"https:\/\/www.alpesenergy.com\/ch\/blog\/2026\/02\/02\/balance-energetico-2025-records-de-produccion-y-transformacion-del-mercado\/\" tabindex=\"-1\" ><div class=\"elementor-post__thumbnail\"><img loading=\"lazy\" decoding=\"async\" width=\"768\" height=\"539\" src=\"https:\/\/www.alpesenergy.com\/ch\/wp-content\/uploads\/sites\/3\/2026\/02\/produccion-de-gas-2-e1770059093932-768x539.jpg\" class=\"attachment-medium_large size-medium_large wp-image-9597\" alt=\"produccion de gas (2)\" srcset=\"https:\/\/www.alpesenergy.com\/ch\/wp-content\/uploads\/sites\/3\/2026\/02\/produccion-de-gas-2-e1770059093932-768x539.jpg 768w, https:\/\/www.alpesenergy.com\/ch\/wp-content\/uploads\/sites\/3\/2026\/02\/produccion-de-gas-2-e1770059093932-300x211.jpg 300w, https:\/\/www.alpesenergy.com\/ch\/wp-content\/uploads\/sites\/3\/2026\/02\/produccion-de-gas-2-e1770059093932.jpg 860w\" sizes=\"(max-width: 768px) 100vw, 768px\" \/><\/div><\/a>\n\t\t\t\t<div class=\"elementor-post__text\">\n\t\t\t\t<h3 class=\"elementor-post__title\">\n\t\t\t<a href=\"https:\/\/www.alpesenergy.com\/ch\/blog\/2026\/02\/02\/balance-energetico-2025-records-de-produccion-y-transformacion-del-mercado\/\" >\n\t\t\t\tBalance de Gas Natural 2025: R\u00e9cords de Producci\u00f3n y Transformaci\u00f3n del Mercado\t\t\t<\/a>\n\t\t<\/h3>\n\t\t\t\t<div class=\"elementor-post__excerpt\">\n\t\t\t<p>Vaca Muerta consolid\u00f3 su liderazgo en 2025, concentrando m\u00e1s del 67% de la producci\u00f3n nacional. Si bien el gas natural\t\t<\/div>\n\t\t\n\t\t<a class=\"elementor-post__read-more\" href=\"https:\/\/www.alpesenergy.com\/ch\/blog\/2026\/02\/02\/balance-energetico-2025-records-de-produccion-y-transformacion-del-mercado\/\" aria-label=\"Read more about Balance de Gas Natural 2025: R\u00e9cords de Producci\u00f3n y Transformaci\u00f3n del Mercado\" tabindex=\"-1\" >\n\t\t\tLeer m\u00e1s &gt;\t\t<\/a>\n\n\t\t\t\t<\/div>\n\t\t\t\t<div class=\"elementor-post__meta-data\">\n\t\t\t\t\t<span class=\"elementor-post-date\">\n\t\t\t2 de febrero de 2026<span class=\"reading-time\">3 minutos<\/span>\t\t<\/span>\n\t\t\t\t<\/div>\n\t\t\t\t\t<\/div>\n\t\t<\/article>\n\t\t\t\t<article class=\"elementor-post elementor-grid-item post-9559 post type-post status-publish format-standard has-post-thumbnail category-energia-electrica category-gas-natural category-litio tag-energia tag-hilli-episeyo tag-regimen-de-incentivo-para-grandes-inversiones tag-rigi tag-vaca-muerta-oil-sur tag-vmos\" role=\"listitem\">\n\t\t\t<div class=\"elementor-post__card\">\n\t\t\t\t<a class=\"elementor-post__thumbnail__link\" href=\"https:\/\/www.alpesenergy.com\/ch\/blog\/2026\/01\/20\/rigi-los-10-proyectos-aprobados-y-el-rol-central-de-la-energia\/\" tabindex=\"-1\" ><div class=\"elementor-post__thumbnail\"><img loading=\"lazy\" decoding=\"async\" width=\"768\" height=\"541\" src=\"https:\/\/www.alpesenergy.com\/ch\/wp-content\/uploads\/sites\/3\/2026\/01\/10-proyectos-768x541.png\" class=\"attachment-medium_large size-medium_large wp-image-9596\" alt=\"10 proyectos\" srcset=\"https:\/\/www.alpesenergy.com\/ch\/wp-content\/uploads\/sites\/3\/2026\/01\/10-proyectos-768x541.png 768w, https:\/\/www.alpesenergy.com\/ch\/wp-content\/uploads\/sites\/3\/2026\/01\/10-proyectos-300x211.png 300w, https:\/\/www.alpesenergy.com\/ch\/wp-content\/uploads\/sites\/3\/2026\/01\/10-proyectos-1024x721.png 1024w, https:\/\/www.alpesenergy.com\/ch\/wp-content\/uploads\/sites\/3\/2026\/01\/10-proyectos.png 1187w\" sizes=\"(max-width: 768px) 100vw, 768px\" \/><\/div><\/a>\n\t\t\t\t<div class=\"elementor-post__text\">\n\t\t\t\t<h3 class=\"elementor-post__title\">\n\t\t\t<a href=\"https:\/\/www.alpesenergy.com\/ch\/blog\/2026\/01\/20\/rigi-los-10-proyectos-aprobados-y-el-rol-central-de-la-energia\/\" >\n\t\t\t\tRIGI: Los 10 proyectos aprobados y el rol central de la energ\u00eda\t\t\t<\/a>\n\t\t<\/h3>\n\t\t\t\t<div class=\"elementor-post__excerpt\">\n\t\t\t<p>El R\u00e9gimen de Incentivo para Grandes Inversiones (RIGI) empieza a mostrar resultados concretos y ya permite trazar un primer mapa\t\t<\/div>\n\t\t\n\t\t<a class=\"elementor-post__read-more\" href=\"https:\/\/www.alpesenergy.com\/ch\/blog\/2026\/01\/20\/rigi-los-10-proyectos-aprobados-y-el-rol-central-de-la-energia\/\" aria-label=\"Read more about RIGI: Los 10 proyectos aprobados y el rol central de la energ\u00eda\" tabindex=\"-1\" >\n\t\t\tLeer m\u00e1s &gt;\t\t<\/a>\n\n\t\t\t\t<\/div>\n\t\t\t\t<div class=\"elementor-post__meta-data\">\n\t\t\t\t\t<span class=\"elementor-post-date\">\n\t\t\t20 de enero de 2026<span class=\"reading-time\">3 minutos<\/span>\t\t<\/span>\n\t\t\t\t<\/div>\n\t\t\t\t\t<\/div>\n\t\t<\/article>\n\t\t\t\t<article class=\"elementor-post elementor-grid-item post-9558 post type-post status-publish format-standard has-post-thumbnail category-energia-electrica category-gas-natural category-gnl category-sin-categoria tag-balanza-comercial tag-barriles-de-petroleo tag-comex tag-gas-natural\" role=\"listitem\">\n\t\t\t<div class=\"elementor-post__card\">\n\t\t\t\t<a class=\"elementor-post__thumbnail__link\" href=\"https:\/\/www.alpesenergy.com\/ch\/blog\/2026\/01\/15\/argentina-logra-superavit-energetico-en-2025-impulsado-por-vaca-muerta\/\" tabindex=\"-1\" ><div class=\"elementor-post__thumbnail\"><img loading=\"lazy\" decoding=\"async\" width=\"768\" height=\"540\" src=\"https:\/\/www.alpesenergy.com\/ch\/wp-content\/uploads\/sites\/3\/2026\/01\/balanza-comercial-1-768x540.jpg\" class=\"attachment-medium_large size-medium_large wp-image-9595\" alt=\"balanza comercial (1)\" srcset=\"https:\/\/www.alpesenergy.com\/ch\/wp-content\/uploads\/sites\/3\/2026\/01\/balanza-comercial-1-768x540.jpg 768w, https:\/\/www.alpesenergy.com\/ch\/wp-content\/uploads\/sites\/3\/2026\/01\/balanza-comercial-1-300x211.jpg 300w, https:\/\/www.alpesenergy.com\/ch\/wp-content\/uploads\/sites\/3\/2026\/01\/balanza-comercial-1-1024x719.jpg 1024w, https:\/\/www.alpesenergy.com\/ch\/wp-content\/uploads\/sites\/3\/2026\/01\/balanza-comercial-1-1536x1079.jpg 1536w, https:\/\/www.alpesenergy.com\/ch\/wp-content\/uploads\/sites\/3\/2026\/01\/balanza-comercial-1-2048x1439.jpg 2048w\" sizes=\"(max-width: 768px) 100vw, 768px\" \/><\/div><\/a>\n\t\t\t\t<div class=\"elementor-post__text\">\n\t\t\t\t<h3 class=\"elementor-post__title\">\n\t\t\t<a href=\"https:\/\/www.alpesenergy.com\/ch\/blog\/2026\/01\/15\/argentina-logra-superavit-energetico-en-2025-impulsado-por-vaca-muerta\/\" >\n\t\t\t\tArgentina logra super\u00e1vit energ\u00e9tico en 2025 impulsado por Vaca Muerta\t\t\t<\/a>\n\t\t<\/h3>\n\t\t\t\t<div class=\"elementor-post__excerpt\">\n\t\t\t<p>Argentina alcanz\u00f3 en 2025 un super\u00e1vit en su balanza comercial energ\u00e9tica, consolidando una tendencia de recuperaci\u00f3n tras m\u00e1s de una\t\t<\/div>\n\t\t\n\t\t<a class=\"elementor-post__read-more\" href=\"https:\/\/www.alpesenergy.com\/ch\/blog\/2026\/01\/15\/argentina-logra-superavit-energetico-en-2025-impulsado-por-vaca-muerta\/\" aria-label=\"Read more about Argentina logra super\u00e1vit energ\u00e9tico en 2025 impulsado por Vaca Muerta\" tabindex=\"-1\" >\n\t\t\tLeer m\u00e1s &gt;\t\t<\/a>\n\n\t\t\t\t<\/div>\n\t\t\t\t<div class=\"elementor-post__meta-data\">\n\t\t\t\t\t<span class=\"elementor-post-date\">\n\t\t\t15 de enero de 2026<span class=\"reading-time\">4 minutos<\/span>\t\t<\/span>\n\t\t\t\t<\/div>\n\t\t\t\t\t<\/div>\n\t\t<\/article>\n\t\t\t\t<\/div>\n\t\t\n\t\t\t\t<div class=\"e-load-more-anchor\" data-page=\"1\" data-max-page=\"17\" data-next-page=\"https:\/\/www.alpesenergy.com\/ch\/wp-json\/wp\/v2\/pages\/418\/page\/2\/\"><\/div>\n\t\t\t\t<nav class=\"elementor-pagination\" aria-label=\"Pagination\">\n\t\t\t<span aria-current=\"page\" class=\"page-numbers current\"><span class=\"elementor-screen-only\">Page<\/span>1<\/span>\n<a class=\"page-numbers\" href=\"https:\/\/www.alpesenergy.com\/ch\/wp-json\/wp\/v2\/pages\/418\/page\/2\/\"><span class=\"elementor-screen-only\">Page<\/span>2<\/a>\n<a class=\"page-numbers\" href=\"https:\/\/www.alpesenergy.com\/ch\/wp-json\/wp\/v2\/pages\/418\/page\/3\/\"><span class=\"elementor-screen-only\">Page<\/span>3<\/a>\n<span class=\"page-numbers dots\">&hellip;<\/span>\n<a class=\"page-numbers\" href=\"https:\/\/www.alpesenergy.com\/ch\/wp-json\/wp\/v2\/pages\/418\/page\/10\/\"><span class=\"elementor-screen-only\">Page<\/span>10<\/a>\t\t<\/nav>\n\t\t\t\t\t\t<\/div>\n\t\t\t\t<\/div>\n\t\t\t\t\t<\/div>\n\t\t<\/div>\n\t\t\t\t<div class=\"elementor-column elementor-col-50 elementor-top-column elementor-element elementor-element-fbb3b8d\" data-id=\"fbb3b8d\" data-element_type=\"column\" data-e-type=\"column\">\n\t\t\t<div class=\"elementor-widget-wrap elementor-element-populated\">\n\t\t\t\t\t\t<div class=\"elementor-element elementor-element-51087d8 elementor-widget elementor-widget-wp-widget-categories\" data-id=\"51087d8\" data-element_type=\"widget\" data-e-type=\"widget\" id=\"widget-blog-categories\" data-widget_type=\"wp-widget-categories.default\">\n\t\t\t\t<div class=\"elementor-widget-container\">\n\t\t\t\t\t<h5>CATEGORIAS<\/h5><nav aria-label=\"CATEGORIAS\">\n\t\t\t<ul>\n\t\t\t\t<li class='cat-item-all'><a href='https:\/\/www.alpesenergy.com\/ch\/'><a href=\"https:\/\/www.alpesenergy.com\/ch\/blog\/\">Todas las notas<\/a><\/a><\/li>\t<li class=\"cat-item cat-item-1\"><a href=\"https:\/\/www.alpesenergy.com\/ch\/categoria\/sin-categoria\/\">Sin categor\u00edas<\/a>\n<\/li>\n\t<li class=\"cat-item cat-item-10\"><a href=\"https:\/\/www.alpesenergy.com\/ch\/categoria\/gas-natural\/\">Gas Natural<\/a>\n<\/li>\n\t<li class=\"cat-item cat-item-11\"><a href=\"https:\/\/www.alpesenergy.com\/ch\/categoria\/energia-electrica\/\">Energ\u00eda El\u00e9ctrica<\/a>\n<\/li>\n\t<li class=\"cat-item cat-item-12\"><a href=\"https:\/\/www.alpesenergy.com\/ch\/categoria\/litio\/\">Litio<\/a>\n<\/li>\n\t<li class=\"cat-item cat-item-13\"><a href=\"https:\/\/www.alpesenergy.com\/ch\/categoria\/gnl\/\">GNL<\/a>\n<\/li>\n\t\t\t<\/ul>\n\n\t\t\t<\/nav>\t\t\t\t<\/div>\n\t\t\t\t<\/div>\n\t\t\t\t\t<\/div>\n\t\t<\/div>\n\t\t\t\t\t<\/div>\n\t\t<\/section>\n\t\t\t\t<section class=\"elementor-section elementor-top-section elementor-element elementor-element-21061e7 elementor-section-boxed elementor-section-height-default elementor-section-height-default\" data-id=\"21061e7\" data-element_type=\"section\" data-e-type=\"section\">\n\t\t\t\t\t\t<div class=\"elementor-container elementor-column-gap-default\">\n\t\t\t\t\t<div class=\"elementor-column elementor-col-100 elementor-top-column elementor-element elementor-element-97d3f5c\" data-id=\"97d3f5c\" data-element_type=\"column\" data-e-type=\"column\">\n\t\t\t<div class=\"elementor-widget-wrap elementor-element-populated\">\n\t\t\t\t\t\t<div class=\"elementor-element elementor-element-686c272 elementor-widget elementor-widget-spacer\" data-id=\"686c272\" data-element_type=\"widget\" data-e-type=\"widget\" data-widget_type=\"spacer.default\">\n\t\t\t\t<div class=\"elementor-widget-container\">\n\t\t\t\t\t\t\t<div class=\"elementor-spacer\">\n\t\t\t<div class=\"elementor-spacer-inner\"><\/div>\n\t\t<\/div>\n\t\t\t\t\t\t<\/div>\n\t\t\t\t<\/div>\n\t\t\t\t\t<\/div>\n\t\t<\/div>\n\t\t\t\t\t<\/div>\n\t\t<\/section>\n\t\t\t\t<\/div>\n\t\t","protected":false},"excerpt":{"rendered":"<p>Blog CONOC\u00c9 M\u00c1S Ent\u00e9rate de todas las novedadesdel Mercado Energ\u00e9tico<\/p>\n","protected":false},"author":1,"featured_media":0,"parent":0,"menu_order":0,"comment_status":"closed","ping_status":"closed","template":"","meta":{"_seopress_robots_primary_cat":"","_seopress_titles_title":"","_seopress_titles_desc":"","_seopress_robots_index":"","footnotes":""},"class_list":["post-418","page","type-page","status-publish"],"_links":{"self":[{"href":"https:\/\/www.alpesenergy.com\/ch\/wp-json\/wp\/v2\/pages\/418","targetHints":{"allow":["GET"]}}],"collection":[{"href":"https:\/\/www.alpesenergy.com\/ch\/wp-json\/wp\/v2\/pages"}],"about":[{"href":"https:\/\/www.alpesenergy.com\/ch\/wp-json\/wp\/v2\/types\/page"}],"author":[{"embeddable":true,"href":"https:\/\/www.alpesenergy.com\/ch\/wp-json\/wp\/v2\/users\/1"}],"replies":[{"embeddable":true,"href":"https:\/\/www.alpesenergy.com\/ch\/wp-json\/wp\/v2\/comments?post=418"}],"version-history":[{"count":24,"href":"https:\/\/www.alpesenergy.com\/ch\/wp-json\/wp\/v2\/pages\/418\/revisions"}],"predecessor-version":[{"id":8462,"href":"https:\/\/www.alpesenergy.com\/ch\/wp-json\/wp\/v2\/pages\/418\/revisions\/8462"}],"wp:attachment":[{"href":"https:\/\/www.alpesenergy.com\/ch\/wp-json\/wp\/v2\/media?parent=418"}],"curies":[{"name":"wp","href":"https:\/\/api.w.org\/{rel}","templated":true}]}}